{"version":"1.0","provider_name":"APDL","provider_url":"https:\/\/apdl.lu\/en","title":"SAVE THE DATE : Vid\u00e9o de sensibilisation sur la protection des donn\u00e9es - APDL","type":"rich","width":600,"height":338,"html":"<blockquote class=\"wp-embedded-content\" data-secret=\"Lw4iGTwhjY\"><a href=\"https:\/\/apdl.lu\/en\/evenements\/save-the-date-video-de-sensibilisation-protection-donnees\/\">SAVE THE DATE : Vid\u00e9o de sensibilisation sur la protection des donn\u00e9es<\/a><\/blockquote><iframe sandbox=\"allow-scripts\" security=\"restricted\" src=\"https:\/\/apdl.lu\/en\/evenements\/save-the-date-video-de-sensibilisation-protection-donnees\/embed\/#?secret=Lw4iGTwhjY\" width=\"600\" height=\"338\" title=\"&#8220;SAVE THE DATE : Vid\u00e9o de sensibilisation sur la protection des donn\u00e9es&#8221; &#8212; APDL\" data-secret=\"Lw4iGTwhjY\" frameborder=\"0\" marginwidth=\"0\" marginheight=\"0\" scrolling=\"no\" class=\"wp-embedded-content\"><\/iframe><script type=\"text\/javascript\">\n\/*! This file is auto-generated *\/\n!function(c,d){\"use strict\";var e=!1,o=!1;if(d.querySelector)if(c.addEventListener)e=!0;if(c.wp=c.wp||{},c.wp.receiveEmbedMessage);else if(c.wp.receiveEmbedMessage=function(e){var t=e.data;if(!t);else if(!(t.secret||t.message||t.value));else if(\/[^a-zA-Z0-9]\/.test(t.secret));else{for(var r,s,a,i=d.querySelectorAll('iframe[data-secret=\"'+t.secret+'\"]'),n=d.querySelectorAll('blockquote[data-secret=\"'+t.secret+'\"]'),o=new RegExp(\"^https?:$\",\"i\"),l=0;l<n.length;l++)n[l].style.display=\"none\";for(l=0;l<i.length;l++)if(r=i[l],e.source!==r.contentWindow);else{if(r.removeAttribute(\"style\"),\"height\"===t.message){if(1e3<(s=parseInt(t.value,10)))s=1e3;else if(~~s<200)s=200;r.height=s}if(\"link\"===t.message)if(s=d.createElement(\"a\"),a=d.createElement(\"a\"),s.href=r.getAttribute(\"src\"),a.href=t.value,!o.test(a.protocol));else if(a.host===s.host)if(d.activeElement===r)c.top.location.href=t.value}}},e)c.addEventListener(\"message\",c.wp.receiveEmbedMessage,!1),d.addEventListener(\"DOMContentLoaded\",t,!1),c.addEventListener(\"load\",t,!1);function t(){if(o);else{o=!0;for(var e,t,r,s=-1!==navigator.appVersion.indexOf(\"MSIE 10\"),a=!!navigator.userAgent.match(\/Trident.*rv:11\\.\/),i=d.querySelectorAll(\"iframe.wp-embedded-content\"),n=0;n<i.length;n++){if(!(r=(t=i[n]).getAttribute(\"data-secret\")))r=Math.random().toString(36).substr(2,10),t.src+=\"#?secret=\"+r,t.setAttribute(\"data-secret\",r);if(s||a)(e=t.cloneNode(!0)).removeAttribute(\"security\"),t.parentNode.replaceChild(e,t);t.contentWindow.postMessage({message:\"ready\",secret:r},\"*\")}}}}(window,document);\n<\/script>\n","thumbnail_url":"https:\/\/apdl.lu\/wp-content\/uploads\/2016\/12\/calendar-1790609_960_720.png","thumbnail_width":960,"thumbnail_height":608,"description":"L\u2019APDL a le plaisir de vous convier \u00e0 la pr\u00e9sentation de son spot vid\u00e9o de sensibilisation sur la protection des donn\u00e9es qui sera suivie d&#8217;une conf\u00e9rence le jeudi 30 novembre \u00e0 18h chez BDO. Le programme ainsi que les d\u00e9tails pratiques vous seront communiqu\u00e9s dans les jours \u00e0 venir. R\u00e9servez d\u00e8s \u00e0 pr\u00e9sent votre soir\u00e9e [&hellip;]"}